{"version":"1.0","provider_name":"G\u00f3rska przygoda","provider_url":"https:\/\/gorskaprzygoda.pl","author_name":"Tomek i Ela Wr\u00f3blewscy","author_url":"https:\/\/gorskaprzygoda.pl\/index.php\/author\/admin5046\/","title":"Ni\u017cne Tatry | Chabanec | Utulnia Durkova | G\u00f3rska przygoda","type":"rich","width":600,"height":338,"html":"<blockquote class=\"wp-embedded-content\" data-secret=\"HrNj3ZuqRM\"><a href=\"https:\/\/gorskaprzygoda.pl\/index.php\/2016\/06\/01\/nizne-tatry-chabenec-utulnia-durkova\/\">Ni\u017cne Tatry &#8211; Chabenec i utulnia Durkova<\/a><\/blockquote><iframe sandbox=\"allow-scripts\" security=\"restricted\" src=\"https:\/\/gorskaprzygoda.pl\/index.php\/2016\/06\/01\/nizne-tatry-chabenec-utulnia-durkova\/embed\/#?secret=HrNj3ZuqRM\" width=\"600\" height=\"338\" title=\"&#8222;Ni\u017cne Tatry &#8211; Chabenec i utulnia Durkova&#8221; &#8212; G\u00f3rska przygoda\" data-secret=\"HrNj3ZuqRM\" frameborder=\"0\" marginwidth=\"0\" marginheight=\"0\" scrolling=\"no\" class=\"wp-embedded-content\"><\/iframe><script type=\"text\/javascript\">\n\/* <![CDATA[ *\/\n\/*! This file is auto-generated *\/\n!function(d,l){\"use strict\";l.querySelector&&d.addEventListener&&\"undefined\"!=typeof URL&&(d.wp=d.wp||{},d.wp.receiveEmbedMessage||(d.wp.receiveEmbedMessage=function(e){var t=e.data;if((t||t.secret||t.message||t.value)&&!\/[^a-zA-Z0-9]\/.test(t.secret)){for(var s,r,n,a=l.querySelectorAll('iframe[data-secret=\"'+t.secret+'\"]'),o=l.querySelectorAll('blockquote[data-secret=\"'+t.secret+'\"]'),c=new RegExp(\"^https?:$\",\"i\"),i=0;i<o.length;i++)o[i].style.display=\"none\";for(i=0;i<a.length;i++)s=a[i],e.source===s.contentWindow&&(s.removeAttribute(\"style\"),\"height\"===t.message?(1e3<(r=parseInt(t.value,10))?r=1e3:~~r<200&&(r=200),s.height=r):\"link\"===t.message&&(r=new URL(s.getAttribute(\"src\")),n=new URL(t.value),c.test(n.protocol))&&n.host===r.host&&l.activeElement===s&&(d.top.location.href=t.value))}},d.addEventListener(\"message\",d.wp.receiveEmbedMessage,!1),l.addEventListener(\"DOMContentLoaded\",function(){for(var e,t,s=l.querySelectorAll(\"iframe.wp-embedded-content\"),r=0;r<s.length;r++)(t=(e=s[r]).getAttribute(\"data-secret\"))||(t=Math.random().toString(36).substring(2,12),e.src+=\"#?secret=\"+t,e.setAttribute(\"data-secret\",t)),e.contentWindow.postMessage({message:\"ready\",secret:t},\"*\")},!1)))}(window,document);\n\/* ]]> *\/\n<\/script>\n","thumbnail_url":"https:\/\/gorskaprzygoda.pl\/wp-content\/uploads\/2016\/06\/Ni\u017cne-Tatry-Chabenec-76.jpg","thumbnail_width":1920,"thumbnail_height":1440,"description":"Po powrocie z naszego ostatniego maj\u00f3wkowego w\u0119drowania po Gorcach, Pieninach i Beskidzie S\u0105deckim zacz\u0105\u0142em si\u0119 zastanawia\u0107, gdzie by si\u0119 tu wybra\u0107 nast\u0119pnym razem. Po g\u0142owie ca\u0142y czas chodzi\u0142y mi Tatry. Od dawna mam ju\u017c gotowych kilka scenariusz\u00f3w wyjazd\u00f3w, ale za ka\u017cdym razem, kt\u00f3ry\u015b element uk\u0142adanki nie pasuje i odk\u0142adam je na przysz\u0142o\u015b\u0107. Tym razem by\u0142o"}