{"version":"1.0","provider_name":"G\u00f3rska przygoda","provider_url":"https:\/\/gorskaprzygoda.pl","author_name":"Tomek i Ela Wr\u00f3blewscy","author_url":"https:\/\/gorskaprzygoda.pl\/index.php\/author\/admin5046\/","title":"Wej\u015bcie na Jaworowy Szczyt | Droga przez Czarny \u017bleb | Tatry","type":"rich","width":600,"height":338,"html":"<blockquote class=\"wp-embedded-content\" data-secret=\"PNKDSkjrfd\"><a href=\"https:\/\/gorskaprzygoda.pl\/index.php\/2015\/08\/02\/wejscie-na-jaworowy-szczyt\/\">Wej\u015bcie na Jaworowy Szczyt drog\u0105 przez Czarny \u017bleb<\/a><\/blockquote><iframe sandbox=\"allow-scripts\" security=\"restricted\" src=\"https:\/\/gorskaprzygoda.pl\/index.php\/2015\/08\/02\/wejscie-na-jaworowy-szczyt\/embed\/#?secret=PNKDSkjrfd\" width=\"600\" height=\"338\" title=\"&#8222;Wej\u015bcie na Jaworowy Szczyt drog\u0105 przez Czarny \u017bleb&#8221; &#8212; G\u00f3rska przygoda\" data-secret=\"PNKDSkjrfd\" frameborder=\"0\" marginwidth=\"0\" marginheight=\"0\" scrolling=\"no\" class=\"wp-embedded-content\"><\/iframe><script type=\"text\/javascript\">\n\/* <![CDATA[ *\/\n\/*! This file is auto-generated *\/\n!function(d,l){\"use strict\";l.querySelector&&d.addEventListener&&\"undefined\"!=typeof URL&&(d.wp=d.wp||{},d.wp.receiveEmbedMessage||(d.wp.receiveEmbedMessage=function(e){var t=e.data;if((t||t.secret||t.message||t.value)&&!\/[^a-zA-Z0-9]\/.test(t.secret)){for(var s,r,n,a=l.querySelectorAll('iframe[data-secret=\"'+t.secret+'\"]'),o=l.querySelectorAll('blockquote[data-secret=\"'+t.secret+'\"]'),c=new RegExp(\"^https?:$\",\"i\"),i=0;i<o.length;i++)o[i].style.display=\"none\";for(i=0;i<a.length;i++)s=a[i],e.source===s.contentWindow&&(s.removeAttribute(\"style\"),\"height\"===t.message?(1e3<(r=parseInt(t.value,10))?r=1e3:~~r<200&&(r=200),s.height=r):\"link\"===t.message&&(r=new URL(s.getAttribute(\"src\")),n=new URL(t.value),c.test(n.protocol))&&n.host===r.host&&l.activeElement===s&&(d.top.location.href=t.value))}},d.addEventListener(\"message\",d.wp.receiveEmbedMessage,!1),l.addEventListener(\"DOMContentLoaded\",function(){for(var e,t,s=l.querySelectorAll(\"iframe.wp-embedded-content\"),r=0;r<s.length;r++)(t=(e=s[r]).getAttribute(\"data-secret\"))||(t=Math.random().toString(36).substring(2,12),e.src+=\"#?secret=\"+t,e.setAttribute(\"data-secret\",t)),e.contentWindow.postMessage({message:\"ready\",secret:t},\"*\")},!1)))}(window,document);\n\/* ]]> *\/\n<\/script>\n","thumbnail_url":"https:\/\/gorskaprzygoda.pl\/wp-content\/uploads\/2015\/08\/Jaworowy-Szczyt-2.jpg","thumbnail_width":1920,"thumbnail_height":1440,"description":"Uda\u0142o si\u0119! Kolejny tatrza\u0144ski weekend za nami. Tym razem by\u0142o nieco bardziej ambitnie ni\u017c zwykle, bo w zasadzie po raz pierwszy weszli\u015bmy na szczyt drog\u0105 wspinaczkow\u0105. Wypad\u0142o na wej\u015bcie na Jaworowy Szczyt i jego po\u0142udniowo-zachodni\u0105 \u015bcian\u0119. Nasza droga prowadzi\u0142a Czarnym (G\u0142\u00f3wnym) \u017blebem usytuowanym tu\u017c po lewej stronie filaru Kelle-Suna (IV UIAA). Droga \u017clebem wyceniana jest"}